{"id":11964,"date":"2019-10-21T12:31:47","date_gmt":"2019-10-21T12:31:47","guid":{"rendered":"http:\/\/tiago-rodrigues.pt\/?page_id=11964"},"modified":"2024-10-30T15:14:38","modified_gmt":"2024-10-30T15:14:38","slug":"simposio-internacional-interacoes-culturais-e-paisagens-em-mudanca-na-europa","status":"publish","type":"page","link":"https:\/\/tiago-rodrigues.pt\/en\/simposio-internacional-interacoes-culturais-e-paisagens-em-mudanca-na-europa\/","title":{"rendered":"Simp\u00f3sio Intera\u00e7\u00f5es Culturais e Paisagens em Mudan\u00e7a na Europa"},"content":{"rendered":"<div class=\"vc_row wpb_row vc_row-fluid\" style=\"background-color:#000000\"><div class=\"wpb_column vc_column_container vc_col-sm-12\"><div class=\"vc_column-inner\"><div class=\"wpb_wrapper\">\n\t<div  class=\"wpb_single_image wpb_content_element vc_align_left\">\n\t\t\n\t\t<figure class=\"wpb_wrapper vc_figure\">\n\t\t\t<div class=\"vc_single_image-wrapper   vc_box_border_grey\"><img decoding=\"async\" class=\"vc_single_image-img\"  src=\"https:\/\/tiago-rodrigues.pt\/wp-content\/uploads\/2023\/01\/Simpo-castros-3000.jpg\" \/><\/div>\n\t\t<\/figure>\n\t<\/div>\n<\/div><\/div><\/div><\/div><div class=\"vc_row wpb_row vc_row-fluid\" style=\"background-color:#000000\"><div class=\"wpb_column vc_column_container vc_col-sm-12\"><div class=\"vc_column-inner\"><div class=\"wpb_wrapper\">\n\t<div class=\"wpb_text_column wpb_content_element  vc_custom_1571749636948\" >\n\t\t<div class=\"wpb_wrapper\">\n\t\t\t\n\n\t\t<\/div>\n\t<\/div>\n<\/div><\/div><\/div><\/div><div class=\"vc_row wpb_row vc_row-fluid vc_custom_1626773994651\" ><div class=\"wpb_column vc_column_container vc_col-sm-2\"><div class=\"vc_column-inner\"><div class=\"wpb_wrapper\"><\/div><\/div><\/div><div class=\"wpb_column vc_column_container vc_col-sm-8\"><div class=\"vc_column-inner\"><div class=\"wpb_wrapper\">\n\t<div class=\"wpb_text_column wpb_content_element\" >\n\t\t<div class=\"wpb_wrapper\">\n\t\t\t<div class=\"page\" title=\"Page 1\">\n<div class=\"layoutArea\">\n<div class=\"column\">\n<div class=\"page\" style=\"text-align: left;\" title=\"Page 1\">\n<div class=\"layoutArea\">\n<div class=\"column\" style=\"text-align: center;\">O simp\u00f3sio internacional &#8220;Intera\u00e7\u00f5es culturais e paisagens em mudan\u00e7a na Europa&#8221;, teve como tema a problem\u00e1tica dos processos de contato entre culturas na transi\u00e7\u00e3o da Era, na Europa. Per\u00edodo que medeia o s\u00e9culo II a. C. e o s\u00e9culo II d. C. Uma \u00e9poca que coincide com a forma\u00e7\u00e3o territorial e consolida\u00e7\u00e3o cultural do Imp\u00e9rio Romano.<\/div>\n<\/div>\n<\/div>\n<\/div>\n<\/div>\n<\/div>\n\n\t\t<\/div>\n\t<\/div>\n<\/div><\/div><\/div><div class=\"wpb_column vc_column_container vc_col-sm-2\"><div class=\"vc_column-inner\"><div class=\"wpb_wrapper\"><\/div><\/div><\/div><\/div><div class=\"vc_row wpb_row vc_row-fluid\" style=\"background-color:#000000\"><div class=\"wpb_column vc_column_container vc_col-sm-12\"><div class=\"vc_column-inner\"><div class=\"wpb_wrapper\">\n\t<div class=\"wpb_text_column wpb_content_element  vc_custom_1572017583851\" >\n\t\t<div class=\"wpb_wrapper\">\n\t\t\t\n\n\t\t<\/div>\n\t<\/div>\n<\/div><\/div><\/div><\/div><div class=\"vc_row wpb_row vc_row-fluid vc_custom_1626773994651\" ><div class=\"wpb_column vc_column_container vc_col-sm-2\"><div class=\"vc_column-inner\"><div class=\"wpb_wrapper\"><\/div><\/div><\/div><div class=\"wpb_column vc_column_container vc_col-sm-8\"><div class=\"vc_column-inner\"><div class=\"wpb_wrapper\">\n\t<div class=\"wpb_text_column wpb_content_element\" >\n\t\t<div class=\"wpb_wrapper\">\n\t\t\t<div class=\"page\" title=\"Page 1\">\n<div class=\"layoutArea\">\n<div class=\"column\">\n<div class=\"page\" style=\"text-align: left;\" title=\"Page 1\">\n<div class=\"layoutArea\" style=\"text-align: center;\">A identidade desenvolvida, representa o processo de contato atrav\u00e9s de um s\u00edmbolo que combina duas &#8220;su\u00e1sticas&#8221;, uma romana e uma castreja, em dourado (refer\u00eancia \u00e0 minera\u00e7\u00e3o do ouro), junto com o castanho burel (o mais antigo tecido conhecido em Portugal e que se acredita ter origem castreja), utilizado no saco produzido especialmente para o evento.<\/div>\n<\/div>\n<\/div>\n<\/div>\n<\/div>\n\n\t\t<\/div>\n\t<\/div>\n<\/div><\/div><\/div><div class=\"wpb_column vc_column_container vc_col-sm-2\"><div class=\"vc_column-inner\"><div class=\"wpb_wrapper\"><\/div><\/div><\/div><\/div><div class=\"vc_row wpb_row vc_row-fluid\" style=\"background-color:#000000\"><div class=\"wpb_column vc_column_container vc_col-sm-12\"><div class=\"vc_column-inner\"><div class=\"wpb_wrapper\">\n\t<div  class=\"wpb_single_image wpb_content_element vc_align_left\">\n\t\t\n\t\t<figure class=\"wpb_wrapper vc_figure\">\n\t\t\t<div class=\"vc_single_image-wrapper   vc_box_border_grey\"><img decoding=\"async\" class=\"vc_single_image-img\"  src=\"https:\/\/tiago-rodrigues.pt\/wp-content\/uploads\/2023\/01\/IMG_6999-B.jpg\" \/><\/div>\n\t\t<\/figure>\n\t<\/div>\n<\/div><\/div><\/div><\/div><div data-vc-full-width=\"true\" data-vc-full-width-init=\"false\" data-vc-stretch-content=\"true\" class=\"vc_row wpb_row vc_row-fluid vc_row-no-padding\" style=\"background-color:#000000\"><div class=\"wpb_column vc_column_container vc_col-sm-6\"><div class=\"vc_column-inner\"><div class=\"wpb_wrapper\">\n\t<div class=\"wpb_text_column wpb_content_element\" >\n\t\t<div class=\"wpb_wrapper\">\n\t\t\t\n\n\t\t<\/div>\n\t<\/div>\n<\/div><\/div><\/div><div class=\"wpb_column vc_column_container vc_col-sm-6\"><div class=\"vc_column-inner\"><div class=\"wpb_wrapper\">\n\t<div class=\"wpb_text_column wpb_content_element\" >\n\t\t<div class=\"wpb_wrapper\">\n\t\t\t\n\n\t\t<\/div>\n\t<\/div>\n<\/div><\/div><\/div><\/div><div class=\"vc_row-full-width vc_clearfix\"><\/div><div class=\"vc_row wpb_row vc_row-fluid\" style=\"background-color:#000000\"><div class=\"wpb_column vc_column_container vc_col-sm-12\"><div class=\"vc_column-inner\"><div class=\"wpb_wrapper\">\n\t<div class=\"wpb_text_column wpb_content_element\" >\n\t\t<div class=\"wpb_wrapper\">\n\t\t\t\n\n\t\t<\/div>\n\t<\/div>\n<\/div><\/div><\/div><\/div><div data-vc-full-width=\"true\" data-vc-full-width-init=\"false\" data-vc-stretch-content=\"true\" class=\"vc_row wpb_row vc_row-fluid\" ><div class=\"wpb_column vc_column_container vc_col-sm-12\"><div class=\"vc_column-inner\"><div class=\"wpb_wrapper\">\n\t<div class=\"wpb_text_column wpb_content_element  vc_custom_1730301276454\" >\n\t\t<div class=\"wpb_wrapper\">\n\t\t\t<p style=\"text-align: center;\">Identidade e comunica\u00e7\u00e3o do simp\u00f3sio internacional &#8220;Intera\u00e7\u00f5es Culturais e Paisagens em Mudan\u00e7a na Europa &#8211; S\u00e9c. 2 A.C.\/S\u00e9c. 2. D.C&#8221; e da exposi\u00e7\u00e3o &#8220;Povoados Fortificados da Idade do Ferro de Boticas&#8221;, realizada em paralelo ao simp\u00f3sio.<em><br \/>\n<\/em>University of Minho Archaeology Unit (Portuguese UAUM), 2018.<\/p>\n\n\t\t<\/div>\n\t<\/div>\n<\/div><\/div><\/div><\/div><div class=\"vc_row-full-width vc_clearfix\"><\/div>","protected":false},"excerpt":{"rendered":"O simp\u00f3sio internacional \"Intera\u00e7\u00f5es culturais e paisagens em mudan\u00e7a na Europa\", teve como tema a problem\u00e1tica dos processos de contato entre culturas na transi\u00e7\u00e3o da Era, na Europa. Per\u00edodo que medeia o s\u00e9culo II a. C. e o s\u00e9culo II [...]","protected":false},"author":1,"featured_media":11982,"parent":0,"menu_order":0,"comment_status":"closed","ping_status":"closed","template":"full-width.php","meta":{"footnotes":""},"class_list":["post-11964","page","type-page","status-publish","has-post-thumbnail","hentry"],"_links":{"self":[{"href":"https:\/\/tiago-rodrigues.pt\/en\/wp-json\/wp\/v2\/pages\/11964","targetHints":{"allow":["GET"]}}],"collection":[{"href":"https:\/\/tiago-rodrigues.pt\/en\/wp-json\/wp\/v2\/pages"}],"about":[{"href":"https:\/\/tiago-rodrigues.pt\/en\/wp-json\/wp\/v2\/types\/page"}],"author":[{"embeddable":true,"href":"https:\/\/tiago-rodrigues.pt\/en\/wp-json\/wp\/v2\/users\/1"}],"replies":[{"embeddable":true,"href":"https:\/\/tiago-rodrigues.pt\/en\/wp-json\/wp\/v2\/comments?post=11964"}],"version-history":[{"count":167,"href":"https:\/\/tiago-rodrigues.pt\/en\/wp-json\/wp\/v2\/pages\/11964\/revisions"}],"predecessor-version":[{"id":17230,"href":"https:\/\/tiago-rodrigues.pt\/en\/wp-json\/wp\/v2\/pages\/11964\/revisions\/17230"}],"wp:featuredmedia":[{"embeddable":true,"href":"https:\/\/tiago-rodrigues.pt\/en\/wp-json\/wp\/v2\/media\/11982"}],"wp:attachment":[{"href":"https:\/\/tiago-rodrigues.pt\/en\/wp-json\/wp\/v2\/media?parent=11964"}],"curies":[{"name":"wp","href":"https:\/\/api.w.org\/{rel}","templated":true}]}}